{"version":"1.0","provider_name":"Colombia Travel Blog by See Colombia Travel","provider_url":"https:\/\/seecolombia.travel\/blog","author_name":"Carolina Parra","author_url":"https:\/\/seecolombia.travel\/blog\/author\/carolina\/","title":"Foto Galer\u00eda de Colombia: La selva Amaz\u00f3nica","type":"rich","width":600,"height":338,"html":"<blockquote class=\"wp-embedded-content\" data-secret=\"ZRIG1uJCQo\"><a href=\"https:\/\/seecolombia.travel\/blog\/2014\/11\/foto-galeria-de-colombia-la-selva-amazonica\/\">Foto Galer\u00eda de Colombia: La selva Amaz\u00f3nica<\/a><\/blockquote><iframe sandbox=\"allow-scripts\" security=\"restricted\" src=\"https:\/\/seecolombia.travel\/blog\/2014\/11\/foto-galeria-de-colombia-la-selva-amazonica\/embed\/#?secret=ZRIG1uJCQo\" width=\"600\" height=\"338\" title=\"&#8220;Foto Galer\u00eda de Colombia: La selva Amaz\u00f3nica&#8221; &#8212; Colombia Travel Blog by See Colombia Travel\" data-secret=\"ZRIG1uJCQo\" frameborder=\"0\" marginwidth=\"0\" marginheight=\"0\" scrolling=\"no\" class=\"wp-embedded-content\"><\/iframe><script type=\"text\/javascript\">\n\/*! This file is auto-generated *\/\n!function(d,l){\"use strict\";var e=!1,o=!1;if(l.querySelector)if(d.addEventListener)e=!0;if(d.wp=d.wp||{},!d.wp.receiveEmbedMessage)if(d.wp.receiveEmbedMessage=function(e){var t=e.data;if(t)if(t.secret||t.message||t.value)if(!\/[^a-zA-Z0-9]\/.test(t.secret)){for(var r,a,i,s=l.querySelectorAll('iframe[data-secret=\"'+t.secret+'\"]'),n=l.querySelectorAll('blockquote[data-secret=\"'+t.secret+'\"]'),o=new RegExp(\"^https?:$\",\"i\"),c=0;c<n.length;c++)n[c].style.display=\"none\";for(c=0;c<s.length;c++)if(r=s[c],e.source===r.contentWindow){if(r.removeAttribute(\"style\"),\"height\"===t.message){if(1e3<(i=parseInt(t.value,10)))i=1e3;else if(~~i<200)i=200;r.height=i}if(\"link\"===t.message)if(a=l.createElement(\"a\"),i=l.createElement(\"a\"),a.href=r.getAttribute(\"src\"),i.href=t.value,o.test(i.protocol))if(i.host===a.host)if(l.activeElement===r)d.top.location.href=t.value}}},e)d.addEventListener(\"message\",d.wp.receiveEmbedMessage,!1),l.addEventListener(\"DOMContentLoaded\",t,!1),d.addEventListener(\"load\",t,!1);function t(){if(!o){o=!0;for(var e,t,r,a=-1!==navigator.appVersion.indexOf(\"MSIE 10\"),i=!!navigator.userAgent.match(\/Trident.*rv:11\\.\/),s=l.querySelectorAll(\"iframe.wp-embedded-content\"),n=0;n<s.length;n++){if(!(r=(t=s[n]).getAttribute(\"data-secret\")))r=Math.random().toString(36).substr(2,10),t.src+=\"#?secret=\"+r,t.setAttribute(\"data-secret\",r);if(a||i)(e=t.cloneNode(!0)).removeAttribute(\"security\"),t.parentNode.replaceChild(e,t);t.contentWindow.postMessage({message:\"ready\",secret:r},\"*\")}}}}(window,document);\n<\/script>\n","thumbnail_url":"https:\/\/seecolombia.travel\/blog\/wp-content\/uploads\/2014\/05\/Amazon-Tributary-Featured.jpg","thumbnail_width":800,"thumbnail_height":330,"description":"La selva amaz\u00f3nica es uno de los ecosistemas m\u00e1s importantes del mundo y un sin\u00f3nimo de aventura desde que los europeos se embarcaron en estas aguas por primera vez en 1541. La palabra \u201cAmazonas viene de la naci\u00f3n de todas las guerreras descritas por primera vez por el historiador griego Herodoto, el primer europeo en [&hellip;]"}